{"id":1093,"date":"2025-03-07T09:13:44","date_gmt":"2025-03-07T09:13:44","guid":{"rendered":"https:\/\/www.fruitloonbedrijf-rensen.nl\/faq-pracownicy-sezonowi\/"},"modified":"2025-06-13T13:02:29","modified_gmt":"2025-06-13T13:02:29","slug":"faq-dla-pracownikow-sezonowych","status":"publish","type":"page","link":"https:\/\/www.fruitloonbedrijf-rensen.nl\/pl\/faq-dla-pracownikow-sezonowych\/","title":{"rendered":"FAQ dla pracownik\u00f3w sezonowych"},"content":{"rendered":"<div class=\"wpb-content-wrapper\"><p>[vc_row][vc_column][vc_column_text css=&#8221;&#8221;]<\/p>\n<h2><strong>FAQ dla pracownik\u00f3w sezonowych<\/strong><\/h2>\n<p>[\/vc_column_text][\/vc_column][\/vc_row][vc_row][vc_column]\n        <div class=\"accordion mb-5\" id=\"accordionExample\">\n\n            <div class='accordion-item'><h2 class='accordion-header' id='heading1465'><button class='accordion-button' type='button' data-bs-toggle='collapse' data-bs-target='#collapse1465' aria-expanded='true' aria-controls='collapse1465'>Kto mo\u017ce si\u0119 zg\u0142osi\u0107?<\/button><\/h2><div id='collapse1465' class='accordion-collapse collapse show' aria-labelledby='heading1465'data-bs-parent='#accordionExample'><div class='accordion-body'>Ka\u017cdy, kto jest zainteresowany prac\u0105 sezonow\u0105 i ma uko\u0144czone 18 lat, mo\u017ce si\u0119 zg\u0142osi\u0107. Do\u015bwiadczenie nie jest wymagane \u2013 entuzjazm jak najbardziej! <\/div><\/div><\/div><div class='accordion-item'><h2 class='accordion-header' id='heading1466'><button class='accordion-button collapsed' type='button' data-bs-toggle='collapse' data-bs-target='#collapse1466' aria-expanded='false' aria-controls='collapse1466'>Czy mog\u0119 zg\u0142osi\u0107 si\u0119 na kilka sezon\u00f3w?<\/button><\/h2><div id='collapse1466' class='accordion-collapse collapse' aria-labelledby='heading1466'data-bs-parent='#accordionExample'><div class='accordion-body'>Tak, mo\u017cesz zg\u0142osi\u0107 si\u0119 na jeden lub kilka sezon\u00f3w \u2013 w zale\u017cno\u015bci od dost\u0119pno\u015bci i Twoich preferencji.<\/div><\/div><\/div><div class='accordion-item'><h2 class='accordion-header' id='heading1468'><button class='accordion-button collapsed' type='button' data-bs-toggle='collapse' data-bs-target='#collapse1468' aria-expanded='false' aria-controls='collapse1468'>Od jakiego wieku mo\u017cna pracowa\u0107 w Rensen?<\/button><\/h2><div id='collapse1468' class='accordion-collapse collapse' aria-labelledby='heading1468'data-bs-parent='#accordionExample'><div class='accordion-body'>Aby pracowa\u0107 sezonowo w naszej firmie, musisz mie\u0107 uko\u0144czone 18 lat.<\/div><\/div><\/div><div class='accordion-item'><h2 class='accordion-header' id='heading1467'><button class='accordion-button collapsed' type='button' data-bs-toggle='collapse' data-bs-target='#collapse1467' aria-expanded='false' aria-controls='collapse1467'>Czy musz\u0119 samodzielnie zorganizowa\u0107 przyjazd do Holandii?<\/button><\/h2><div id='collapse1467' class='accordion-collapse collapse' aria-labelledby='heading1467'data-bs-parent='#accordionExample'><div class='accordion-body'>Tak, zazwyczaj pracownicy organizuj\u0105 transport we w\u0142asnym zakresie. Czasami mo\u017cemy doradzi\u0107 w kwestii mo\u017cliwo\u015bci podr\u00f3\u017cy.<\/div><\/div><\/div><div class='accordion-item'><h2 class='accordion-header' id='heading1469'><button class='accordion-button collapsed' type='button' data-bs-toggle='collapse' data-bs-target='#collapse1469' aria-expanded='false' aria-controls='collapse1469'>Czy pomagacie w znalezieniu zakwaterowania?<\/button><\/h2><div id='collapse1469' class='accordion-collapse collapse' aria-labelledby='heading1469'data-bs-parent='#accordionExample'><div class='accordion-body'>Tak, ch\u0119tnie pomagamy w znalezieniu odpowiedniego zakwaterowania. Dysponujemy wystarczaj\u0105c\u0105 liczb\u0105 \u0142\u00f3\u017cek.<\/div><\/div><\/div><div class='accordion-item'><h2 class='accordion-header' id='heading1471'><button class='accordion-button collapsed' type='button' data-bs-toggle='collapse' data-bs-target='#collapse1471' aria-expanded='false' aria-controls='collapse1471'>Co si\u0119 dzieje po moim zg\u0142oszeniu?<\/button><\/h2><div id='collapse1471' class='accordion-collapse collapse' aria-labelledby='heading1471'data-bs-parent='#accordionExample'><div class='accordion-body'>Po przes\u0142aniu zg\u0142oszenia skontaktujemy si\u0119 z Tob\u0105 w celu przeprowadzenia rozmowy kwalifikacyjnej i om\u00f3wienia mo\u017cliwo\u015bci, termin\u00f3w oraz kwestii praktycznych.<\/div><\/div><\/div><div class='accordion-item'><h2 class='accordion-header' id='heading1470'><button class='accordion-button collapsed' type='button' data-bs-toggle='collapse' data-bs-target='#collapse1470' aria-expanded='false' aria-controls='collapse1470'>Ile wynosi wynagrodzenie i kiedy jest wyp\u0142acane?<\/button><\/h2><div id='collapse1470' class='accordion-collapse collapse' aria-labelledby='heading1470'data-bs-parent='#accordionExample'><div class='accordion-body'>Wynagrodzenie zale\u017cy od rodzaju wykonywanej pracy i liczby przepracowanych godzin. Wyp\u0142acamy je raz w miesi\u0105cu przelewem bankowym.<\/div><\/div><\/div><div class='accordion-item'><h2 class='accordion-header' id='heading1472'><button class='accordion-button collapsed' type='button' data-bs-toggle='collapse' data-bs-target='#collapse1472' aria-expanded='false' aria-controls='collapse1472'>Jakie godziny pracy obowi\u0105zuj\u0105?<\/button><\/h2><div id='collapse1472' class='accordion-collapse collapse' aria-labelledby='heading1472'data-bs-parent='#accordionExample'><div class='accordion-body'>Dni robocze to zazwyczaj poniedzia\u0142ek\u2013pi\u0105tek. W okresach wzmo\u017conych prac mo\u017ce si\u0119 zdarzy\u0107 praca w weekendy (w soboty p\u00f3\u0142 dnia, a w razie potrzeby ca\u0142y dzie\u0144).<\/div><\/div><\/div><div class='accordion-item'><h2 class='accordion-header' id='heading1473'><button class='accordion-button collapsed' type='button' data-bs-toggle='collapse' data-bs-target='#collapse1473' aria-expanded='false' aria-controls='collapse1473'>Czy otrzymam umow\u0119 o prac\u0119?<\/button><\/h2><div id='collapse1473' class='accordion-collapse collapse' aria-labelledby='heading1473'data-bs-parent='#accordionExample'><div class='accordion-body'>Tak, zawsze otrzymujesz umow\u0119, w kt\u00f3rej wszystkie ustalenia s\u0105 jasno zapisane.<\/div><\/div><\/div><div class='accordion-item'><h2 class='accordion-header' id='heading1476'><button class='accordion-button collapsed' type='button' data-bs-toggle='collapse' data-bs-target='#collapse1476' aria-expanded='false' aria-controls='collapse1476'>Czy musz\u0119 przywie\u017a\u0107 w\u0142asne narz\u0119dzia lub odzie\u017c robocz\u0105?<\/button><\/h2><div id='collapse1476' class='accordion-collapse collapse' aria-labelledby='heading1476'data-bs-parent='#accordionExample'><div class='accordion-body'>Nie, zapewniamy potrzebne narz\u0119dzia oraz odpowiedni\u0105 odzie\u017c robocz\u0105 lub ochronn\u0105, w tym przeciwdeszczow\u0105 i buty ze stalowym noskiem. <\/div><\/div><\/div><div class='accordion-item'><h2 class='accordion-header' id='heading1474'><button class='accordion-button collapsed' type='button' data-bs-toggle='collapse' data-bs-target='#collapse1474' aria-expanded='false' aria-controls='collapse1474'>Czy na miejscu jest osoba m\u00f3wi\u0105ca po polsku?<\/button><\/h2><div id='collapse1474' class='accordion-collapse collapse' aria-labelledby='heading1474'data-bs-parent='#accordionExample'><div class='accordion-body'>Tak, mamy pracownik\u00f3w m\u00f3wi\u0105cych po polsku, kt\u00f3rzy mog\u0105 Ci pom\u00f3c w pracy i komunikacji.<\/div><\/div><\/div><div class='accordion-item'><h2 class='accordion-header' id='heading1475'><button class='accordion-button collapsed' type='button' data-bs-toggle='collapse' data-bs-target='#collapse1475' aria-expanded='false' aria-controls='collapse1475'>Co z ubezpieczeniem i bezpiecze\u0144stwem pracy?<\/button><\/h2><div id='collapse1475' class='accordion-collapse collapse' aria-labelledby='heading1475'data-bs-parent='#accordionExample'><div class='accordion-body'>Podczas pracy jeste\u015b ubezpieczony, a my zapewniamy bezpieczne \u015brodowisko zgodne z obowi\u0105zuj\u0105cymi przepisami.<\/div><\/div><\/div><div class='accordion-item'><h2 class='accordion-header' id='heading1477'><button class='accordion-button collapsed' type='button' data-bs-toggle='collapse' data-bs-target='#collapse1477' aria-expanded='false' aria-controls='collapse1477'>Czy mog\u0119 zabra\u0107 rodzin\u0119?<\/button><\/h2><div id='collapse1477' class='accordion-collapse collapse' aria-labelledby='heading1477'data-bs-parent='#accordionExample'><div class='accordion-body'>Tak, to mo\u017cliwe. Prosimy o zaznaczenie tego w formularzu zg\u0142oszeniowym. <\/div><\/div><\/div><div class='accordion-item'><h2 class='accordion-header' id='heading1478'><button class='accordion-button collapsed' type='button' data-bs-toggle='collapse' data-bs-target='#collapse1478' aria-expanded='false' aria-controls='collapse1478'>Czy mog\u0119 kontynuowa\u0107 prac\u0119 po sezonie lub wr\u00f3ci\u0107 w przysz\u0142ym roku?<\/button><\/h2><div id='collapse1478' class='accordion-collapse collapse' aria-labelledby='heading1478'data-bs-parent='#accordionExample'><div class='accordion-body'>Tak, wielu naszych pracownik\u00f3w sezonowych wraca co roku lub zostaje do pracy przy innych projektach.<\/div><\/div><\/div>\n        <\/div>\n\n        [\/vc_column][\/vc_row]<\/p>\n<\/div>","protected":false},"excerpt":{"rendered":"<p>[vc_row][vc_column][vc_column_text css=&#8221;&#8221;] FAQ dla pracownik\u00f3w sezonowych [\/vc_column_text][\/vc_column][\/vc_row][vc_row][vc_column][\/vc_column][\/vc_row]<\/p>\n","protected":false},"author":1,"featured_media":0,"parent":0,"menu_order":0,"comment_status":"closed","ping_status":"closed","template":"","meta":{"_acf_changed":false,"footnotes":""},"class_list":["post-1093","page","type-page","status-publish","hentry"],"acf":[],"yoast_head":"<!-- This site is optimized with the Yoast SEO plugin v25.3 - https:\/\/yoast.com\/wordpress\/plugins\/seo\/ -->\n<title>FAQ dla pracownik\u00f3w sezonowych | Rensen Fruit- en Loonbedrijf<\/title>\n<meta name=\"robots\" content=\"index, follow, max-snippet:-1, max-image-preview:large, max-video-preview:-1\" \/>\n<link rel=\"canonical\" href=\"https:\/\/www.fruitloonbedrijf-rensen.nl\/pl\/faq-dla-pracownikow-sezonowych\/\" \/>\n<meta property=\"og:locale\" content=\"pl_PL\" \/>\n<meta property=\"og:type\" content=\"article\" \/>\n<meta property=\"og:title\" content=\"FAQ dla pracownik\u00f3w sezonowych | Rensen Fruit- en Loonbedrijf\" \/>\n<meta property=\"og:description\" content=\"[vc_row][vc_column][vc_column_text css=&#8221;&#8221;] FAQ dla pracownik\u00f3w sezonowych [\/vc_column_text][\/vc_column][\/vc_row][vc_row][vc_column][\/vc_column][\/vc_row]\" \/>\n<meta property=\"og:url\" content=\"https:\/\/www.fruitloonbedrijf-rensen.nl\/pl\/faq-dla-pracownikow-sezonowych\/\" \/>\n<meta property=\"og:site_name\" content=\"Rensen Fruit- en Loonbedrijf\" \/>\n<meta property=\"article:modified_time\" content=\"2025-06-13T13:02:29+00:00\" \/>\n<meta name=\"twitter:card\" content=\"summary_large_image\" \/>\n<meta name=\"twitter:label1\" content=\"Szacowany czas czytania\" \/>\n\t<meta name=\"twitter:data1\" content=\"1 minuta\" \/>\n<script type=\"application\/ld+json\" class=\"yoast-schema-graph\">{\"@context\":\"https:\/\/schema.org\",\"@graph\":[{\"@type\":\"WebPage\",\"@id\":\"https:\/\/www.fruitloonbedrijf-rensen.nl\/pl\/faq-dla-pracownikow-sezonowych\/\",\"url\":\"https:\/\/www.fruitloonbedrijf-rensen.nl\/pl\/faq-dla-pracownikow-sezonowych\/\",\"name\":\"FAQ dla pracownik\u00f3w sezonowych | Rensen Fruit- en Loonbedrijf\",\"isPartOf\":{\"@id\":\"https:\/\/www.fruitloonbedrijf-rensen.nl\/pl\/#website\"},\"datePublished\":\"2025-03-07T09:13:44+00:00\",\"dateModified\":\"2025-06-13T13:02:29+00:00\",\"breadcrumb\":{\"@id\":\"https:\/\/www.fruitloonbedrijf-rensen.nl\/pl\/faq-dla-pracownikow-sezonowych\/#breadcrumb\"},\"inLanguage\":\"pl-PL\",\"potentialAction\":[{\"@type\":\"ReadAction\",\"target\":[\"https:\/\/www.fruitloonbedrijf-rensen.nl\/pl\/faq-dla-pracownikow-sezonowych\/\"]}]},{\"@type\":\"BreadcrumbList\",\"@id\":\"https:\/\/www.fruitloonbedrijf-rensen.nl\/pl\/faq-dla-pracownikow-sezonowych\/#breadcrumb\",\"itemListElement\":[{\"@type\":\"ListItem\",\"position\":1,\"name\":\"Home\",\"item\":\"https:\/\/www.fruitloonbedrijf-rensen.nl\/pl\/\"},{\"@type\":\"ListItem\",\"position\":2,\"name\":\"FAQ dla pracownik\u00f3w sezonowych\"}]},{\"@type\":\"WebSite\",\"@id\":\"https:\/\/www.fruitloonbedrijf-rensen.nl\/pl\/#website\",\"url\":\"https:\/\/www.fruitloonbedrijf-rensen.nl\/pl\/\",\"name\":\"Rensen Fruit- en Loonbedrijf\",\"description\":\"Rensen Fruit- en Loonbedrijf\",\"potentialAction\":[{\"@type\":\"SearchAction\",\"target\":{\"@type\":\"EntryPoint\",\"urlTemplate\":\"https:\/\/www.fruitloonbedrijf-rensen.nl\/pl\/?s={search_term_string}\"},\"query-input\":{\"@type\":\"PropertyValueSpecification\",\"valueRequired\":true,\"valueName\":\"search_term_string\"}}],\"inLanguage\":\"pl-PL\"}]}<\/script>\n<!-- \/ Yoast SEO plugin. -->","yoast_head_json":{"title":"FAQ dla pracownik\u00f3w sezonowych | Rensen Fruit- en Loonbedrijf","robots":{"index":"index","follow":"follow","max-snippet":"max-snippet:-1","max-image-preview":"max-image-preview:large","max-video-preview":"max-video-preview:-1"},"canonical":"https:\/\/www.fruitloonbedrijf-rensen.nl\/pl\/faq-dla-pracownikow-sezonowych\/","og_locale":"pl_PL","og_type":"article","og_title":"FAQ dla pracownik\u00f3w sezonowych | Rensen Fruit- en Loonbedrijf","og_description":"[vc_row][vc_column][vc_column_text css=&#8221;&#8221;] FAQ dla pracownik\u00f3w sezonowych [\/vc_column_text][\/vc_column][\/vc_row][vc_row][vc_column][\/vc_column][\/vc_row]","og_url":"https:\/\/www.fruitloonbedrijf-rensen.nl\/pl\/faq-dla-pracownikow-sezonowych\/","og_site_name":"Rensen Fruit- en Loonbedrijf","article_modified_time":"2025-06-13T13:02:29+00:00","twitter_card":"summary_large_image","twitter_misc":{"Szacowany czas czytania":"1 minuta"},"schema":{"@context":"https:\/\/schema.org","@graph":[{"@type":"WebPage","@id":"https:\/\/www.fruitloonbedrijf-rensen.nl\/pl\/faq-dla-pracownikow-sezonowych\/","url":"https:\/\/www.fruitloonbedrijf-rensen.nl\/pl\/faq-dla-pracownikow-sezonowych\/","name":"FAQ dla pracownik\u00f3w sezonowych | Rensen Fruit- en Loonbedrijf","isPartOf":{"@id":"https:\/\/www.fruitloonbedrijf-rensen.nl\/pl\/#website"},"datePublished":"2025-03-07T09:13:44+00:00","dateModified":"2025-06-13T13:02:29+00:00","breadcrumb":{"@id":"https:\/\/www.fruitloonbedrijf-rensen.nl\/pl\/faq-dla-pracownikow-sezonowych\/#breadcrumb"},"inLanguage":"pl-PL","potentialAction":[{"@type":"ReadAction","target":["https:\/\/www.fruitloonbedrijf-rensen.nl\/pl\/faq-dla-pracownikow-sezonowych\/"]}]},{"@type":"BreadcrumbList","@id":"https:\/\/www.fruitloonbedrijf-rensen.nl\/pl\/faq-dla-pracownikow-sezonowych\/#breadcrumb","itemListElement":[{"@type":"ListItem","position":1,"name":"Home","item":"https:\/\/www.fruitloonbedrijf-rensen.nl\/pl\/"},{"@type":"ListItem","position":2,"name":"FAQ dla pracownik\u00f3w sezonowych"}]},{"@type":"WebSite","@id":"https:\/\/www.fruitloonbedrijf-rensen.nl\/pl\/#website","url":"https:\/\/www.fruitloonbedrijf-rensen.nl\/pl\/","name":"Rensen Fruit- en Loonbedrijf","description":"Rensen Fruit- en Loonbedrijf","potentialAction":[{"@type":"SearchAction","target":{"@type":"EntryPoint","urlTemplate":"https:\/\/www.fruitloonbedrijf-rensen.nl\/pl\/?s={search_term_string}"},"query-input":{"@type":"PropertyValueSpecification","valueRequired":true,"valueName":"search_term_string"}}],"inLanguage":"pl-PL"}]}},"_links":{"self":[{"href":"https:\/\/www.fruitloonbedrijf-rensen.nl\/pl\/wp-json\/wp\/v2\/pages\/1093","targetHints":{"allow":["GET"]}}],"collection":[{"href":"https:\/\/www.fruitloonbedrijf-rensen.nl\/pl\/wp-json\/wp\/v2\/pages"}],"about":[{"href":"https:\/\/www.fruitloonbedrijf-rensen.nl\/pl\/wp-json\/wp\/v2\/types\/page"}],"author":[{"embeddable":true,"href":"https:\/\/www.fruitloonbedrijf-rensen.nl\/pl\/wp-json\/wp\/v2\/users\/1"}],"replies":[{"embeddable":true,"href":"https:\/\/www.fruitloonbedrijf-rensen.nl\/pl\/wp-json\/wp\/v2\/comments?post=1093"}],"version-history":[{"count":4,"href":"https:\/\/www.fruitloonbedrijf-rensen.nl\/pl\/wp-json\/wp\/v2\/pages\/1093\/revisions"}],"predecessor-version":[{"id":1544,"href":"https:\/\/www.fruitloonbedrijf-rensen.nl\/pl\/wp-json\/wp\/v2\/pages\/1093\/revisions\/1544"}],"wp:attachment":[{"href":"https:\/\/www.fruitloonbedrijf-rensen.nl\/pl\/wp-json\/wp\/v2\/media?parent=1093"}],"curies":[{"name":"wp","href":"https:\/\/api.w.org\/{rel}","templated":true}]}}